{"id":868,"date":"2017-03-15T17:36:58","date_gmt":"2017-03-15T16:36:58","guid":{"rendered":"http:\/\/www.esformentera.com\/contacto\/"},"modified":"2017-05-19T11:54:26","modified_gmt":"2017-05-19T10:54:26","slug":"contacte","status":"publish","type":"page","link":"https:\/\/www.esformentera.com\/ca\/contacte\/","title":{"rendered":"Contacte"},"content":{"rendered":"[vc_row type=&#8221;in_container&#8221; full_screen_row_position=&#8221;middle&#8221; scene_position=&#8221;center&#8221; text_color=&#8221;dark&#8221; text_align=&#8221;left&#8221; top_padding=&#8221;80&#8243; overlay_strength=&#8221;0.3&#8243;][vc_column column_padding=&#8221;no-extra-padding&#8221; column_padding_position=&#8221;all&#8221; background_color_opacity=&#8221;1&#8243; background_hover_color_opacity=&#8221;1&#8243; column_shadow=&#8221;none&#8221; width=&#8221;1\/2&#8243; tablet_text_alignment=&#8221;default&#8221; phone_text_alignment=&#8221;default&#8221; column_border_width=&#8221;none&#8221; column_border_style=&#8221;solid&#8221;][vc_column_text css=&#8221;.vc_custom_1494426426949{padding-right: 80px !important;}&#8221;]Pots contactar amb Esformentera.com de dilluns a divendres de 9 h. &#8211; 19 h.<br \/>\nLes reserves en l\u00ednia es gestionen de forma autom\u00e0tica les 24h. del dia.<br \/>\nEl lliurament de vehicles durant la temporada d&#8217;estiu es realitza tots els dies de la setmana 9 a 21 h.[\/vc_column_text][vc_column_text css=&#8221;.vc_custom_1491989499063{padding-top: 50px !important;}&#8221;]\n<h3>Atenci\u00f3 Telef\u00f2nica<\/h3>\n<h2><span class=\"callnum\">971 800 229<\/span><\/h2>\n[\/vc_column_text][vc_column_text css=&#8221;.vc_custom_1494413298846{padding-top: 40px !important;}&#8221;]<img loading=\"lazy\" decoding=\"async\" class=\"alignleft size-full wp-image-1621\" src=\"https:\/\/www.esformentera.com\/wp-content\/uploads\/2017\/03\/JoseLuis.jpg\" alt=\"\" width=\"65\" height=\"60\" \/><\/p>\n<p>Necessites ajuda?<br \/>\nT&#8217;atendr\u00e0 Jos\u00e9 Lu\u00eds Riera[\/vc_column_text][vc_raw_html css=&#8221;.vc_custom_1493978746697{padding-top: 50px !important;}&#8221;]JTNDZGl2JTIwY2xhc3MlM0QlMjJjbHJfbGZ0JTIwcHRfNDAlMjIlM0UlMEElMjAlMjAlMjAlMjAlMjAlMjAlMjAlMjAlMjAlMjAlMjAlMjAlM0MlMjEtLSUyMEFkZFRoaXMlMjBCdXR0b24lMjBCRUdJTiUyMC0tJTNFJTBBJTIwJTIwJTIwJTIwJTIwJTIwJTIwJTIwJTIwJTIwJTIwJTIwJTNDZGl2JTIwY2xhc3MlM0QlMjJhZGR0aGlzX3Rvb2xib3glMjBhZGR0aGlzX2RlZmF1bHRfc3R5bGUlMjBhZGR0aGlzXzMyeDMyX3N0eWxlJTIyJTIwc3R5bGUlM0QlMjIlMjIlM0UlMEElMjAlMjAlMjAlMjAlMjAlMjAlMjAlMjAlMjAlMjAlMjAlMjAlMjAlMjAlMjAlMjAlM0NhJTIwY2xhc3MlM0QlMjJhZGR0aGlzX2J1dHRvbl9mYWNlYm9vayUyMiUzRSUzQyUyRmElM0UlMEElMjAlMjAlMjAlMjAlMjAlMjAlMjAlMjAlMjAlMjAlMjAlMjAlMjAlMjAlMjAlMjAlM0NhJTIwY2xhc3MlM0QlMjJhZGR0aGlzX2J1dHRvbl90d2l0dGVyJTIyJTNFJTNDJTJGYSUzRSUwQSUyMCUyMCUyMCUyMCUyMCUyMCUyMCUyMCUyMCUyMCUyMCUyMCUyMCUyMCUyMCUyMCUzQ2ElMjBjbGFzcyUzRCUyMmFkZHRoaXNfYnV0dG9uX2VtYWlsJTIyJTNFJTNDJTJGYSUzRSUwQSUyMCUyMCUyMCUyMCUyMCUyMCUyMCUyMCUyMCUyMCUyMCUyMCUyMCUyMCUyMCUyMCUzQ2ElMjBjbGFzcyUzRCUyMmFkZHRoaXNfY291bnRlciUyMGFkZHRoaXNfYnViYmxlX3N0eWxlJTIyJTNFJTNDJTJGYSUzRSUwQSUyMCUyMCUyMCUyMCUyMCUyMCUyMCUyMCUyMCUyMCUyMCUyMCUzQyUyRmRpdiUzRSUwQSUyMCUyMCUyMCUyMCUyMCUyMCUyMCUyMCUyMCUyMCUyMCUyMCUzQ3NjcmlwdCUyMHR5cGUlM0QlMjJ0ZXh0JTJGamF2YXNjcmlwdCUyMiUyMHNyYyUzRCUyMmh0dHBzJTNBJTJGJTJGczcuYWRkdGhpcy5jb20lMkZqcyUyRjI1MCUyRmFkZHRoaXNfd2lkZ2V0LmpzJTIzcHViaWQlM0R4YS00ZTBiMzdkNjI5YjRhODhkJTIyJTNFJTNDJTJGc2NyaXB0JTNFJTBBJTIwJTIwJTIwJTIwJTIwJTIwJTIwJTIwJTIwJTIwJTIwJTIwJTNDJTIxLS0lMjBBZGRUaGlzJTIwQnV0dG9uJTIwRU5EJTIwLS0lM0UlMEElMjAlMjAlMjAlMjAlMjAlMjAlMjAlMjAlMjAlMjAlMjAlMjAlMEElMjAlMjAlMjAlMjAlMjAlMjAlMjAlMjAlMjAlMjAlMjAlMjAlMjAlM0NkaXYlMjBzdHlsZSUzRCUyMmNsZWFyJTNBbGVmdCUzQiUyMGZsb2F0JTNBbGVmdCUzQiUyMG1hcmdpbi10b3AlM0EyMHB4JTIyJTNFJTNDZGl2JTIwY2xhc3MlM0QlMjJnLXBsdXMlMjIlMjBkYXRhLXdpZHRoJTNEJTIyMjk0JTIyJTIwZGF0YS1oZWlnaHQlM0QlMjI2OSUyMiUyMGRhdGEtaHJlZiUzRCUyMiUyRiUyRnBsdXMuZ29vZ2xlLmNvbSUyRjExMjg2Nzg3MzE4NTA3Njk4ODE5NCUyMiUyMGRhdGEtcmVsJTNEJTIycHVibGlzaGVyJTIyJTNFJTNDJTJGZGl2JTNFJTNDJTJGZGl2JTNFJTBBJTIwJTIwJTIwJTIwJTIwJTIwJTIwJTIwJTIwJTIwJTIwJTIwJTIwJTIwJTNDZGl2JTIwc3R5bGUlM0QlMjJmbG9hdCUzQWxlZnQlM0IlMjBtYXJnaW4tdG9wJTNBMTBweCUyMiUzRSUzQ2RpdiUyMGNsYXNzJTNEJTIyZmItbGlrZSUyMiUyMGRhdGEtaHJlZiUzRCUyMmh0dHBzJTNBJTJGJTJGd3d3LmZhY2Vib29rLmNvbSUyRmVzZm9ybWVudGVyYSUyMiUyMGRhdGEtc2VuZCUzRCUyMmZhbHNlJTIyJTIwZGF0YS13aWR0aCUzRCUyMjI4MCUyMiUyMGRhdGEtc2hvdy1mYWNlcyUzRCUyMmZhbHNlJTIyJTIwZGF0YS1mb250JTNEJTIyYXJpYWwlMjIlM0UlM0MlMkZkaXYlM0UlM0MlMkZkaXYlM0UlMEElMjAlMjAlMjAlMjAlMjAlMjAlMjAlMjAlM0MlMkZkaXYlM0UlMjA=[\/vc_raw_html][vc_raw_js]JTNDc2NyaXB0JTIwdHlwZSUzRCUyMnRleHQlMkZqYXZhc2NyaXB0JTIyJTNFJTBBJTIwJUMyJUEwd2luZG93Ll9fX2djZmclMjAlM0QlMjAlN0JsYW5nJTNBJTIwJTI3JTNDJTNGJTNEJTIwJTI0bCUzRiUzRSUyNyU3RCUzQiUwQSUwQSUyMCVDMiVBMCUyOGZ1bmN0aW9uJTI4JTI5JTIwJTdCJTBBJTIwJUMyJUEwJTIwJUMyJUEwdmFyJTIwcG8lMjAlM0QlMjBkb2N1bWVudC5jcmVhdGVFbGVtZW50JTI4JTI3c2NyaXB0JTI3JTI5JTNCJTIwcG8udHlwZSUyMCUzRCUyMCUyN3RleHQlMkZqYXZhc2NyaXB0JTI3JTNCJTIwcG8uYXN5bmMlMjAlM0QlMjB0cnVlJTNCJTBBJTIwJUMyJUEwJTIwJUMyJUEwcG8uc3JjJTIwJTNEJTIwJTI3aHR0cHMlM0ElMkYlMkZhcGlzLmdvb2dsZS5jb20lMkZqcyUyRnBsdXNvbmUuanMlMjclM0IlMEElMjAlQzIlQTAlMjAlQzIlQTB2YXIlMjBzJTIwJTNEJTIwZG9jdW1lbnQuZ2V0RWxlbWVudHNCeVRhZ05hbWUlMjglMjdzY3JpcHQlMjclMjklNUIwJTVEJTNCJTIwcy5wYXJlbnROb2RlLmluc2VydEJlZm9yZSUyOHBvJTJDJTIwcyUyOSUzQiUwQSUyMCVDMiVBMCU3RCUyOSUyOCUyOSUzQiUwQSUzQyUyRnNjcmlwdCUzRSUwQQ==[\/vc_raw_js][\/vc_column][vc_column column_padding=&#8221;no-extra-padding&#8221; column_padding_position=&#8221;all&#8221; background_color_opacity=&#8221;1&#8243; background_hover_color_opacity=&#8221;1&#8243; column_shadow=&#8221;none&#8221; width=&#8221;1\/2&#8243; tablet_text_alignment=&#8221;default&#8221; phone_text_alignment=&#8221;default&#8221; column_border_width=&#8221;none&#8221; column_border_style=&#8221;solid&#8221;]\n<div class=\"wpcf7 no-js\" id=\"wpcf7-f880-o1\" lang=\"es-ES\" dir=\"ltr\" data-wpcf7-id=\"880\">\n<div class=\"screen-reader-response\"><p role=\"status\" aria-live=\"polite\" aria-atomic=\"true\"><\/p> <ul><\/ul><\/div>\n<form action=\"\/ca\/wp-json\/wp\/v2\/pages\/868#wpcf7-f880-o1\" method=\"post\" class=\"wpcf7-form init\" aria-label=\"Formulario de contacto\" novalidate=\"novalidate\" data-status=\"init\">\n<fieldset class=\"hidden-fields-container\"><input type=\"hidden\" name=\"_wpcf7\" value=\"880\" \/><input type=\"hidden\" name=\"_wpcf7_version\" value=\"6.1.1\" \/><input type=\"hidden\" name=\"_wpcf7_locale\" value=\"es_ES\" \/><input type=\"hidden\" name=\"_wpcf7_unit_tag\" value=\"wpcf7-f880-o1\" \/><input type=\"hidden\" name=\"_wpcf7_container_post\" value=\"0\" \/><input type=\"hidden\" name=\"_wpcf7_posted_data_hash\" value=\"\" \/>\n<\/fieldset>\n<p><label>Nom *<br \/>\n<span class=\"wpcf7-form-control-wrap\" data-name=\"your-name\"><input size=\"40\" maxlength=\"400\" class=\"wpcf7-form-control wpcf7-text wpcf7-validates-as-required\" aria-required=\"true\" aria-invalid=\"false\" value=\"\" type=\"text\" name=\"your-name\" \/><\/span> <\/label>\n<\/p>\n<p><label>Email *<br \/>\n<span class=\"wpcf7-form-control-wrap\" data-name=\"your-email\"><input size=\"40\" maxlength=\"400\" class=\"wpcf7-form-control wpcf7-email wpcf7-validates-as-required wpcf7-text wpcf7-validates-as-email\" aria-required=\"true\" aria-invalid=\"false\" value=\"\" type=\"email\" name=\"your-email\" \/><\/span> <\/label>\n<\/p>\n<p><label> Tel\u00e8fon<br \/>\n<span class=\"wpcf7-form-control-wrap\" data-name=\"tel-440\"><input size=\"40\" maxlength=\"400\" class=\"wpcf7-form-control wpcf7-tel wpcf7-text wpcf7-validates-as-tel\" aria-invalid=\"false\" value=\"\" type=\"tel\" name=\"tel-440\" \/><\/span> <\/label>\n<\/p>\n<p><label> Comentaris<br \/>\n<span class=\"wpcf7-form-control-wrap\" data-name=\"your-message\"><textarea cols=\"40\" rows=\"10\" maxlength=\"2000\" class=\"wpcf7-form-control wpcf7-textarea\" aria-invalid=\"false\" name=\"your-message\"><\/textarea><\/span> <\/label>\n<\/p>\n<p><input class=\"wpcf7-form-control wpcf7-submit has-spinner\" type=\"submit\" value=\"Enviar\" \/>\n<\/p>\n<div class=\"wpcf7-turnstile cf-turnstile\" data-sitekey=\"0x4AAAAAABtMTs5Dh1tKACCl\" data-response-field-name=\"_wpcf7_turnstile_response\"><\/div><p style=\"display: none !important;\" class=\"akismet-fields-container\" data-prefix=\"_wpcf7_ak_\"><label>&#916;<textarea name=\"_wpcf7_ak_hp_textarea\" cols=\"45\" rows=\"8\" maxlength=\"100\"><\/textarea><\/label><input type=\"hidden\" id=\"ak_js_1\" name=\"_wpcf7_ak_js\" value=\"31\"\/><script>document.getElementById( \"ak_js_1\" ).setAttribute( \"value\", ( new Date() ).getTime() );<\/script><\/p><div class=\"wpcf7-response-output\" aria-hidden=\"true\"><\/div>\n<\/form>\n<\/div>\n[\/vc_column][\/vc_row]\n","protected":false},"excerpt":{"rendered":"<p>[vc_row type=&#8221;in_container&#8221; full_screen_row_position=&#8221;middle&#8221; scene_position=&#8221;center&#8221; text_color=&#8221;dark&#8221; text_align=&#8221;left&#8221; top_padding=&#8221;80&#8243; overlay_strength=&#8221;0.3&#8243;][vc_column column_padding=&#8221;no-extra-padding&#8221; column_padding_position=&#8221;all&#8221; background_color_opacity=&#8221;1&#8243; background_hover_color_opacity=&#8221;1&#8243; column_shadow=&#8221;none&#8221; width=&#8221;1\/2&#8243; tablet_text_alignment=&#8221;default&#8221; phone_text_alignment=&#8221;default&#8221; column_border_width=&#8221;none&#8221; column_border_style=&#8221;solid&#8221;][vc_column_text css=&#8221;.vc_custom_1494426426949{padding-right: 80px !important;}&#8221;]Pots contactar amb Esformentera.com de dilluns a divendres de 9&#8230;<\/p>\n","protected":false},"author":1,"featured_media":0,"parent":0,"menu_order":0,"comment_status":"closed","ping_status":"closed","template":"","meta":{"footnotes":""},"class_list":["post-868","page","type-page","status-publish"],"yoast_head":"<!-- This site is optimized with the Yoast SEO Premium plugin v19.3 (Yoast SEO v25.6) - https:\/\/yoast.com\/wordpress\/plugins\/seo\/ -->\n<title>Contacte - Esformentera<\/title>\n<meta name=\"description\" content=\"Vols posar-te en contacte amb EsFormentera.com lloguer de cotxes i motos? Pots posar-te en contacte amb nosaltres i resoldrem tots els teus dubtes.\" \/>\n<meta name=\"robots\" content=\"index, follow, max-snippet:-1, max-image-preview:large, max-video-preview:-1\" \/>\n<link rel=\"canonical\" href=\"https:\/\/www.esformentera.com\/ca\/contacte\/\" \/>\n<meta property=\"og:locale\" content=\"ca_ES\" \/>\n<meta property=\"og:type\" content=\"article\" \/>\n<meta property=\"og:title\" content=\"Contacte\" \/>\n<meta property=\"og:description\" content=\"Vols posar-te en contacte amb EsFormentera.com lloguer de cotxes i motos? Pots posar-te en contacte amb nosaltres i resoldrem tots els teus dubtes.\" \/>\n<meta property=\"og:url\" content=\"https:\/\/www.esformentera.com\/ca\/contacte\/\" \/>\n<meta property=\"og:site_name\" content=\"Esformentera\" \/>\n<meta property=\"article:publisher\" content=\"https:\/\/www.facebook.com\/esformentera\" \/>\n<meta property=\"article:modified_time\" content=\"2017-05-19T10:54:26+00:00\" \/>\n<meta property=\"og:image\" content=\"https:\/\/www.esformentera.com\/wp-content\/uploads\/2017\/03\/JoseLuis.jpg\" \/>\n<meta name=\"twitter:card\" content=\"summary_large_image\" \/>\n<meta name=\"twitter:label1\" content=\"Temps estimat de lectura\" \/>\n\t<meta name=\"twitter:data1\" content=\"2 minuts\" \/>\n<script type=\"application\/ld+json\" class=\"yoast-schema-graph\">{\"@context\":\"https:\/\/schema.org\",\"@graph\":[{\"@type\":\"WebPage\",\"@id\":\"https:\/\/www.esformentera.com\/ca\/contacte\/\",\"url\":\"https:\/\/www.esformentera.com\/ca\/contacte\/\",\"name\":\"Contacte - Esformentera\",\"isPartOf\":{\"@id\":\"https:\/\/www.esformentera.com\/#website\"},\"primaryImageOfPage\":{\"@id\":\"https:\/\/www.esformentera.com\/ca\/contacte\/#primaryimage\"},\"image\":{\"@id\":\"https:\/\/www.esformentera.com\/ca\/contacte\/#primaryimage\"},\"thumbnailUrl\":\"https:\/\/www.esformentera.com\/wp-content\/uploads\/2017\/03\/JoseLuis.jpg\",\"datePublished\":\"2017-03-15T16:36:58+00:00\",\"dateModified\":\"2017-05-19T10:54:26+00:00\",\"description\":\"Vols posar-te en contacte amb EsFormentera.com lloguer de cotxes i motos? Pots posar-te en contacte amb nosaltres i resoldrem tots els teus dubtes.\",\"breadcrumb\":{\"@id\":\"https:\/\/www.esformentera.com\/ca\/contacte\/#breadcrumb\"},\"inLanguage\":\"ca\",\"potentialAction\":[{\"@type\":\"ReadAction\",\"target\":[\"https:\/\/www.esformentera.com\/ca\/contacte\/\"]}]},{\"@type\":\"ImageObject\",\"inLanguage\":\"ca\",\"@id\":\"https:\/\/www.esformentera.com\/ca\/contacte\/#primaryimage\",\"url\":\"https:\/\/www.esformentera.com\/wp-content\/uploads\/2017\/03\/JoseLuis.jpg\",\"contentUrl\":\"https:\/\/www.esformentera.com\/wp-content\/uploads\/2017\/03\/JoseLuis.jpg\"},{\"@type\":\"BreadcrumbList\",\"@id\":\"https:\/\/www.esformentera.com\/ca\/contacte\/#breadcrumb\",\"itemListElement\":[{\"@type\":\"ListItem\",\"position\":1,\"name\":\"Portada\",\"item\":\"https:\/\/www.esformentera.com\/ca\/\"},{\"@type\":\"ListItem\",\"position\":2,\"name\":\"Contacte\"}]},{\"@type\":\"WebSite\",\"@id\":\"https:\/\/www.esformentera.com\/#website\",\"url\":\"https:\/\/www.esformentera.com\/\",\"name\":\"Esformentera\",\"description\":\"\",\"publisher\":{\"@id\":\"https:\/\/www.esformentera.com\/#organization\"},\"potentialAction\":[{\"@type\":\"SearchAction\",\"target\":{\"@type\":\"EntryPoint\",\"urlTemplate\":\"https:\/\/www.esformentera.com\/?s={search_term_string}\"},\"query-input\":{\"@type\":\"PropertyValueSpecification\",\"valueRequired\":true,\"valueName\":\"search_term_string\"}}],\"inLanguage\":\"ca\"},{\"@type\":\"Organization\",\"@id\":\"https:\/\/www.esformentera.com\/#organization\",\"name\":\"Esformentera\",\"url\":\"https:\/\/www.esformentera.com\/\",\"logo\":{\"@type\":\"ImageObject\",\"inLanguage\":\"ca\",\"@id\":\"https:\/\/www.esformentera.com\/#\/schema\/logo\/image\/\",\"url\":\"https:\/\/www.esformentera.com\/wp-content\/uploads\/2021\/07\/logoEsFormentera.png\",\"contentUrl\":\"https:\/\/www.esformentera.com\/wp-content\/uploads\/2021\/07\/logoEsFormentera.png\",\"width\":382,\"height\":76,\"caption\":\"Esformentera\"},\"image\":{\"@id\":\"https:\/\/www.esformentera.com\/#\/schema\/logo\/image\/\"},\"sameAs\":[\"https:\/\/www.facebook.com\/esformentera\"]}]}<\/script>\n<!-- \/ Yoast SEO Premium plugin. -->","yoast_head_json":{"title":"Contacte - Esformentera","description":"Vols posar-te en contacte amb EsFormentera.com lloguer de cotxes i motos? Pots posar-te en contacte amb nosaltres i resoldrem tots els teus dubtes.","robots":{"index":"index","follow":"follow","max-snippet":"max-snippet:-1","max-image-preview":"max-image-preview:large","max-video-preview":"max-video-preview:-1"},"canonical":"https:\/\/www.esformentera.com\/ca\/contacte\/","og_locale":"ca_ES","og_type":"article","og_title":"Contacte","og_description":"Vols posar-te en contacte amb EsFormentera.com lloguer de cotxes i motos? Pots posar-te en contacte amb nosaltres i resoldrem tots els teus dubtes.","og_url":"https:\/\/www.esformentera.com\/ca\/contacte\/","og_site_name":"Esformentera","article_publisher":"https:\/\/www.facebook.com\/esformentera","article_modified_time":"2017-05-19T10:54:26+00:00","og_image":[{"url":"https:\/\/www.esformentera.com\/wp-content\/uploads\/2017\/03\/JoseLuis.jpg","type":"","width":"","height":""}],"twitter_card":"summary_large_image","twitter_misc":{"Temps estimat de lectura":"2 minuts"},"schema":{"@context":"https:\/\/schema.org","@graph":[{"@type":"WebPage","@id":"https:\/\/www.esformentera.com\/ca\/contacte\/","url":"https:\/\/www.esformentera.com\/ca\/contacte\/","name":"Contacte - Esformentera","isPartOf":{"@id":"https:\/\/www.esformentera.com\/#website"},"primaryImageOfPage":{"@id":"https:\/\/www.esformentera.com\/ca\/contacte\/#primaryimage"},"image":{"@id":"https:\/\/www.esformentera.com\/ca\/contacte\/#primaryimage"},"thumbnailUrl":"https:\/\/www.esformentera.com\/wp-content\/uploads\/2017\/03\/JoseLuis.jpg","datePublished":"2017-03-15T16:36:58+00:00","dateModified":"2017-05-19T10:54:26+00:00","description":"Vols posar-te en contacte amb EsFormentera.com lloguer de cotxes i motos? Pots posar-te en contacte amb nosaltres i resoldrem tots els teus dubtes.","breadcrumb":{"@id":"https:\/\/www.esformentera.com\/ca\/contacte\/#breadcrumb"},"inLanguage":"ca","potentialAction":[{"@type":"ReadAction","target":["https:\/\/www.esformentera.com\/ca\/contacte\/"]}]},{"@type":"ImageObject","inLanguage":"ca","@id":"https:\/\/www.esformentera.com\/ca\/contacte\/#primaryimage","url":"https:\/\/www.esformentera.com\/wp-content\/uploads\/2017\/03\/JoseLuis.jpg","contentUrl":"https:\/\/www.esformentera.com\/wp-content\/uploads\/2017\/03\/JoseLuis.jpg"},{"@type":"BreadcrumbList","@id":"https:\/\/www.esformentera.com\/ca\/contacte\/#breadcrumb","itemListElement":[{"@type":"ListItem","position":1,"name":"Portada","item":"https:\/\/www.esformentera.com\/ca\/"},{"@type":"ListItem","position":2,"name":"Contacte"}]},{"@type":"WebSite","@id":"https:\/\/www.esformentera.com\/#website","url":"https:\/\/www.esformentera.com\/","name":"Esformentera","description":"","publisher":{"@id":"https:\/\/www.esformentera.com\/#organization"},"potentialAction":[{"@type":"SearchAction","target":{"@type":"EntryPoint","urlTemplate":"https:\/\/www.esformentera.com\/?s={search_term_string}"},"query-input":{"@type":"PropertyValueSpecification","valueRequired":true,"valueName":"search_term_string"}}],"inLanguage":"ca"},{"@type":"Organization","@id":"https:\/\/www.esformentera.com\/#organization","name":"Esformentera","url":"https:\/\/www.esformentera.com\/","logo":{"@type":"ImageObject","inLanguage":"ca","@id":"https:\/\/www.esformentera.com\/#\/schema\/logo\/image\/","url":"https:\/\/www.esformentera.com\/wp-content\/uploads\/2021\/07\/logoEsFormentera.png","contentUrl":"https:\/\/www.esformentera.com\/wp-content\/uploads\/2021\/07\/logoEsFormentera.png","width":382,"height":76,"caption":"Esformentera"},"image":{"@id":"https:\/\/www.esformentera.com\/#\/schema\/logo\/image\/"},"sameAs":["https:\/\/www.facebook.com\/esformentera"]}]}},"_links":{"self":[{"href":"https:\/\/www.esformentera.com\/ca\/wp-json\/wp\/v2\/pages\/868","targetHints":{"allow":["GET"]}}],"collection":[{"href":"https:\/\/www.esformentera.com\/ca\/wp-json\/wp\/v2\/pages"}],"about":[{"href":"https:\/\/www.esformentera.com\/ca\/wp-json\/wp\/v2\/types\/page"}],"author":[{"embeddable":true,"href":"https:\/\/www.esformentera.com\/ca\/wp-json\/wp\/v2\/users\/1"}],"replies":[{"embeddable":true,"href":"https:\/\/www.esformentera.com\/ca\/wp-json\/wp\/v2\/comments?post=868"}],"version-history":[{"count":0,"href":"https:\/\/www.esformentera.com\/ca\/wp-json\/wp\/v2\/pages\/868\/revisions"}],"wp:attachment":[{"href":"https:\/\/www.esformentera.com\/ca\/wp-json\/wp\/v2\/media?parent=868"}],"curies":[{"name":"wp","href":"https:\/\/api.w.org\/{rel}","templated":true}]}}