{"id":1774,"date":"2017-05-31T08:35:52","date_gmt":"2017-05-31T07:35:52","guid":{"rendered":"https:\/\/www.esformentera.com\/condiciones-de-alquiler\/"},"modified":"2025-09-04T11:43:09","modified_gmt":"2025-09-04T10:43:09","slug":"condicions-de-lloguer","status":"publish","type":"page","link":"https:\/\/www.esformentera.com\/ca\/condicions-de-lloguer\/","title":{"rendered":"Condicions de lloguer"},"content":{"rendered":"[vc_row type=&#8221;in_container&#8221; full_screen_row_position=&#8221;middle&#8221; column_margin=&#8221;default&#8221; column_direction=&#8221;default&#8221; column_direction_tablet=&#8221;default&#8221; column_direction_phone=&#8221;default&#8221; scene_position=&#8221;center&#8221; text_color=&#8221;dark&#8221; text_align=&#8221;left&#8221; row_border_radius=&#8221;none&#8221; row_border_radius_applies=&#8221;bg&#8221; overflow=&#8221;visible&#8221; overlay_strength=&#8221;0.3&#8243; gradient_direction=&#8221;left_to_right&#8221; shape_divider_position=&#8221;bottom&#8221; bg_image_animation=&#8221;none&#8221;][vc_column column_padding=&#8221;no-extra-padding&#8221; column_padding_tablet=&#8221;inherit&#8221; column_padding_phone=&#8221;inherit&#8221; column_padding_position=&#8221;all&#8221; column_element_direction_desktop=&#8221;default&#8221; column_element_spacing=&#8221;default&#8221; desktop_text_alignment=&#8221;default&#8221; tablet_text_alignment=&#8221;default&#8221; phone_text_alignment=&#8221;default&#8221; background_color_opacity=&#8221;1&#8243; background_hover_color_opacity=&#8221;1&#8243; column_backdrop_filter=&#8221;none&#8221; column_shadow=&#8221;none&#8221; column_border_radius=&#8221;none&#8221; column_link_target=&#8221;_self&#8221; column_position=&#8221;default&#8221; gradient_direction=&#8221;left_to_right&#8221; overlay_strength=&#8221;0.3&#8243; width=&#8221;5\/6&#8243; tablet_width_inherit=&#8221;default&#8221; animation_type=&#8221;default&#8221; bg_image_animation=&#8221;none&#8221; border_type=&#8221;simple&#8221; column_border_width=&#8221;none&#8221; column_border_style=&#8221;solid&#8221;][tabbed_section style=&#8221;default&#8221; tab_change_animation=&#8221;fade&#8221; alignment=&#8221;left&#8221; spacing=&#8221;default&#8221; tab_color=&#8221;Accent-Color&#8221; vs_content_animation=&#8221;fade&#8221; vs_link_animation=&#8221;opacity&#8221; vs_navigation_alignment=&#8221;left&#8221; vs_navigation_width_2=&#8221;25%&#8221; vs_navigation_func=&#8221;default&#8221; vs_navigation_width=&#8221;regular&#8221; vs_navigation_spacing=&#8221;15px&#8221; vs_navigation_mobile_display=&#8221;visible&#8221; vs_tab_spacing=&#8221;5%&#8221;][tab icon_family=&#8221;none&#8221; title=&#8221;Lloguer de cotxes&#8221; id=&#8221;1756980028766-9&#8243; tab_id=&#8221;1756980028766-4&#8243;][vc_column_text css=&#8221;&#8221; text_direction=&#8221;default&#8221;]CONDICIONS DE LLOGUER<\/p>\n<p>DOCUMENTS QUE HA DE PORTAR A LA RECOLLIDA DEL VEHICLE:<\/p>\n<p>-Tarjeta de cr\u00e8dit (NO AMEX, NO DINNERS CLUB)<br \/>\n-Perm\u00eds de conduir (en vigor)<br \/>\n-C\u00f2pia impresa del Bono<\/p>\n<p>CONDICIONS DE LLOGUER<\/p>\n<p>L&#8217;arrendatari rep el vehicle en perfecte estat de funcionament, la qual cosa comprova en el moment de fer-se c\u00e0rrec del mateix; reconeixent quedar informat del tipus de combustible que el vehicle precisa i comprometent-se a retornar el vehicle en les mateixes condicions en qu\u00e8 el rep.<\/p>\n<p>L&#8217;arrendatari es compromet a abonar totes les sancions que per incompliment de les regles de circulaci\u00f3 li siguin imposades i a notificar a l&#8217;arrendador en el moment de la liquidaci\u00f3.<\/p>\n<p>L&#8217;arrendatari es far\u00e0 c\u00e0rrec tant civil com criminalment de la responsabilitat que pogu\u00e9s derivar de l&#8217;\u00fas del vehicle llogat i en cap cas podr\u00e0 dedicar-se al transport de mercaderies i m\u00e9s encara si fossin aquestes de curs il\u00b7legal.<\/p>\n<p>Referent al que estableix l&#8217;article anterior queda l&#8217;arrendatari assegurat de responsabilitat civil davant de tercers mitjan\u00e7ant p\u00f2lissa d&#8217;asseguran\u00e7a concertada a l&#8217;arrendador amb Companyia d&#8217;Assegurances, i del dany en les persones en les mesures i condicions que s&#8217;estableixen en el Reglament de l&#8217;asseguran\u00e7a obligat\u00f2ria .<\/p>\n<p>L&#8217;arrendatari es compromet a portar amb si el document expedit per aquesta empresa, per exhibir-si fos requerit per l&#8217;Autoritat o persona d&#8217;aquesta empresa.<\/p>\n<p>La casa arrendadora es reserva el dret de no llogar els vehicles si al seu judici ho creu convenient. Aix\u00ed mateix, la casa arrendadora podr\u00e0 retirar el vehicle arrendat si l&#8217;arrendatari fa aix\u00ed mal \u00fas d&#8217;ell, o si el vehicle \u00e9s condu\u00eft en inferioritat de condicions f\u00edsiques motivades per alcohol, drogues, fatiga o malaltia.<\/p>\n<p>En cap cas es permetr\u00e0 subarrendar ni conduir el vehicle llogat a persones diferents del client contractant, excepte consentiment expr\u00e9s de l&#8217;arrendador.<\/p>\n<p>EDAT M\u00cdNIMA: 21 anys i 2 anys d&#8217;experi\u00e8ncia per a tots els grups i 25 anys i 3 anys d&#8217;experi\u00e8ncia per a grups 2,3,4,5, M, N.<\/p>\n<p>CONDUCTOR JOVE: De 21 a 24 anys per raons de sinistralitat se&#8217;ls cobra un extra de 3 \u20ac per dia i no podran acollir-se al eximent de franqu\u00edcia.<\/p>\n<p>CONDUCTOR ADDICIONAL (opcional): La tarifa per incloure un conductor addicional \u00e9s de 3 \u20ac \/ dia, fins a un m\u00e0xim de 35 \u20ac.<\/p>\n<p>INCL\u00d2S: IVA, asseguran\u00e7a a tot risc (CDW: Segur que cobreix els danys al cotxe llogat) amb franqu\u00edcia 500 \u20ac &#8211; 2500 \u20ac (depenent del grup de cotxe), quilometratge il\u00b7limitat, c\u00e0rrecs portuaris, taxes i impostos locals.<\/p>\n<p>CADIRES DE NEN (OPCIONAL):<\/p>\n<p>Cadira grup 0-3, 4 \u20ac \/ dia.<br \/>\nElevador 3 \u20ac \/ dia.<br \/>\nC\u00e0rrec M\u00e0xim de 54 \u20ac per unitat. Sol\u00b7licitar en observacions per la reserva del model requerit.<\/p>\n<p>FRANQU\u00cdCIES I ASSEGURANCES: (opcional a contractar en la retirada del vehicle)<\/p>\n<p>Estan exclosos de l&#8217;asseguran\u00e7a b\u00e0sica la p\u00e8rdua, robatori o danys causats a b\u00e9ns o objectes transportats en el vehicle.<br \/>\nLa FRANQU\u00cdCIA i el eximent del pagament de la franqu\u00edcia (SUPER CDW: Segur que cobreix els danys a l&#8217;cotxe llogat) en cas d&#8217;accident, robatori, p\u00e8rdua o p\u00e8rdua d&#8217;algunes de les seves peces, es detalla a continuaci\u00f3:<\/p>\n<p>FRANQU\u00cdCIES MODEL:<\/p>\n<p>Grups A, X: 500 \u20ac + IVA<br \/>\nGrups B, C, D, E, F, G, H, J, K, L, V, W: 700 \u20ac + IVA<br \/>\nGrups 2, 4, M: 800 \u20ac + IVA<br \/>\nGrups 3, N, M: 1.000 \u20ac + IVA<br \/>\nGrups P, 5: 1.500 \u20ac + IVA<br \/>\nGrup 4: 2500 \u20ac + IVA<\/p>\n<p>EXEMPCI\u00d3 DE FRANQU\u00cdCIA: (opcional)<\/p>\n<p>Grups A: 9 \u20ac<br \/>\nGrups B, C, D, X: 11 \u20ac<br \/>\nGrups E, F, G, G2, H, W, I: 13 \u20ac<br \/>\nGrups J, K, L, M, 2, V: 15 \u20ac<br \/>\nGrups N, 3: 18 \u20ac<br \/>\nGrup 4, 5: 25 \u20ac<\/p>\n<p>Si el client es deixa dins el cotxe tancat les claus, se li cobrar\u00e0 15 \u20ac per despla\u00e7ament de les claus dobles. En cas d&#8217;accident l&#8217;empresa substituir\u00e0 si s&#8217;escau el vehicle accidentat sempre que no s&#8217;hagin vulnerat les condicions de lloguer.<\/p>\n<p>ALTRES C\u00c0RRECS:<\/p>\n<p>Pagaments conseq\u00fc\u00e8ncia de l&#8217;\u00fas inadequat del client: El client, amb posterioritat a la finalitzaci\u00f3 del lloguer del vehicle, es compromet a pagar els imports que siguin conseq\u00fc\u00e8ncia dels seg\u00fcents conceptes:<\/p>\n<p>1) C\u00e0rrec per &#8216;neteja especial&#8217; per les despeses derivades d&#8217;un servei extra de neteja com conseq\u00fc\u00e8ncia de l&#8217;estat manifestament inadequat del vehicle al moment de la seva devoluci\u00f3, amb un import m\u00e0xim de 150 \u20ac.<\/p>\n<p>2) Els c\u00e0rrecs ocasionats per la p\u00e8rdua de documents i claus del vehicle, i \/ o enviament, del joc de claus del vehicle a l&#8217;oficina corresponent, en els casos de p\u00e8rdua, trencament, devoluci\u00f3 de les claus del vehicle en una oficina diferent a la de devoluci\u00f3 efectiva del vehicle, o qualsevol altra situaci\u00f3 per la que es paralitzi el vehicle per motius atribu\u00efbles al client per un import de fins a 250 \u20ac.<\/p>\n<p>2b) Si el client es deixa dins el cotxe tancat les claus, se li cobrar\u00e0 15 \u20ac per despla\u00e7ament de les claus dobles.<\/p>\n<p>3) L&#8217;import de trasllat del vehicle amb una grua en els casos previstos en les diverses cl\u00e0usules d&#8217;aquest Contracte.<\/p>\n<p>4) Les despeses derivades de la p\u00e8rdua, el deteriorament o els danys en llantes, pneum\u00e0tics, (inclosos punxades i rebentades), llunes, retrovisors, interior del vehicle aix\u00ed com els problemes derivats d&#8217;un error en el tipus de combustible repostat.<\/p>\n<p>5) Les multes, sancions i despeses judicials motivats per infraccions de tr\u00e0nsit o de lleis, reglaments o ordenances, incorregudes pel client durant la durada d&#8217;aquest Contracte que hagin estat satisfets.<\/p>\n<p>6) Sense perjudici de l&#8217;anterior l&#8217;empresa es reserva el dret de fer al client un c\u00e0rrec addicional de 25 \u20ac pels costos administratius en qu\u00e8 hagi hagut d&#8217;inc\u00f3rrer com a conseq\u00fc\u00e8ncia de les despeses de tramitaci\u00f3 i comunicaci\u00f3 davant les autoritats pertinents d&#8217;aquests actes .<\/p>\n<p>7) Els costos de reparaci\u00f3 dels danys causats al vehicle en cas d&#8217;accident, quan es produeixi alguna de les seg\u00fcents circumst\u00e0ncies:<\/p>\n<p>&#8211; Que el vehicle no fos utilitzat d&#8217;acord amb les condicions establertes.<\/p>\n<p>&#8211; neglig\u00e8ncies en la conducci\u00f3 si fer \u00fas adequat del vehicle.<\/p>\n<p>&#8211; neglig\u00e8ncies en la conducci\u00f3 no respectant les lleis de circulaci\u00f3 establertes per la DGT.<\/p>\n<p>POL\u00cdTICA DE COMBUSTIBLE:<\/p>\n<p>S\u00f3n a c\u00e0rrec de l&#8217;arrendatari. Si el client s&#8217;equivoca de combustible a l&#8217;repostar les despeses (* 4) de reparaci\u00f3 es carreguessin a l&#8217;arrendatari 150 \u20ac + iva. El vehicle es lliur\u00e9s a punt per circular i amb el suficient combustible per arribar a la benzinera m\u00e9s propera.<\/p>\n<p>Pol\u00edtica de lliurament de tanc de combustible: Ple &#8211; Ple, Sense ensurts i sorpreses, pagui pel que vost\u00e8 consumeixi.<\/p>\n<p>LLIURAMENTS DE VEHICLES:<br \/>\nEls lliuraments de vehicles s\u00f3n GRATU\u00cfTA en horari d&#8217;oficina.<\/p>\n<p>Reserves Nocturnes: (Extra opcional) Fora d&#8217;hores es podr\u00e0 fer un rec\u00e0rrec de 35 \u20ac IVA incl\u00f2s, a partir de les 21: 00h fins a 23: 59h.<br \/>\nFORMA DE PAGAMENT: VISA, MASTERCARD, EFECTIU.<\/p>\n<p>Les targetes de d\u00e8bit NO s\u00f3n \u200b\u200bacceptades per al dip\u00f2sit (obligatori presentar una TARGETA DE CR\u00c8DIT a la retirada del vehicle). El pagament de l&#8217;import de la reserva Online SEMPRE es realitzar\u00e0 a l&#8217;arribada a trav\u00e9s d&#8217;una TARGETA DE CR\u00c8DIT. NO AMEX NO DINERS CLUB<\/p>\n<p>INFO CONDUIR A EUROPA:<br \/>\nConduir a Europa \/ Driving in Europe \/ Conduire a Europe \/ Autofahren in der EU<br \/>\nhttp:\/\/www.dgt.es\/es\/conducir-en-europa\/<\/p>\n<p>EL PERM\u00cdS DE CONDUIR INTERNACIONAL SER\u00c0 OBLIGATORI PER PA\u00cfSOS NO MEMBRES A EU.<\/p>\n<p>Lloguer m\u00ednim un dia. S&#8217;ent\u00e9n un dia per 24 hores des del moment del lloguer o de l&#8217;hora triada en la reserva.<\/p>\n<p>L&#8217;arrendatari declara estar en possessi\u00f3 del corresponent perm\u00eds de conduir per al vehicle llogat.<\/p>\n<p>Qualsevol difer\u00e8ncia que pogu\u00e9s sorgir en relaci\u00f3 amb aquest contracte, les parts se sotmeten expressament al fur judicial que sigui legalment aplicable. (Obligatori presentar una TARGETA DE CR\u00c8DIT a la retirada del vehicle).<\/p>\n<p>EL TERMINI M\u00c0XIM PER TRAMITAR RECLAMACIONS SER\u00c0 DE 30 DIES DES DE LA PRESTACI\u00d3 DEL SERVEI.<\/p>\n<p>Av\u00eds legal:<br \/>\nEn compliment de la Llei Org\u00e0nica 15\/99, de 13 de desembre, de protecci\u00f3 de dades de car\u00e0cter personal, s&#8217;informa que les seves dades personals han estat inclosos en els fitxers inscrits en el Registre de fitxers de l&#8217;Ag\u00e8ncia Espanyola de Protecci\u00f3 de Dades, i de responsabilitat de Auto Llorm Tallers SL, amb la finalitat de controlar la gesti\u00f3 administrativa, reserves, serveis, check-in i check-out.<br \/>\nLes dades personals recollides s&#8217;han de comunicar a l&#8217;entitat banc\u00e0ria pel sistema de pagament, si cal i a altres entitats dins dels serveis contractats pel client.<br \/>\nPer exercitar els drets d&#8217;acc\u00e9s, rectificaci\u00f3, cancel\u00b7laci\u00f3 i oposici\u00f3 de les seves dades personals, ha de dirigir-se mitjan\u00e7ant sol\u00b7licitud escrita i signada, acompanyada de fotoc\u00f2pia de document acreditatiu, a la seu social ubicada a Edifici Boulevard s \/ n, local 1, La Savina, de Formentera, prov\u00edncia de Illes Balears, codi postal 07871.<\/p>\n<p>&nbsp;<\/p>\n<p>POL\u00cdTICA DE CANCEL\u00b7LACI\u00d3<br \/>\n1. S&#8217;accepten cancel\u00b7lacions 72 hrs abans de la recollida del vehicle sense c\u00e0rrecs.[\/vc_column_text][\/tab][tab icon_family=&#8221;none&#8221; title=&#8221;Lloguer de motos&#8221; id=&#8221;1756980028782-0&#8243; tab_id=&#8221;1756980028782-5&#8243;][vc_column_text]01 L&#8217;arrendatari rep el vehicle en perfecte estat de funcionament, la qual cosa comprova en el moment de fer-se c\u00e0rrec del mateix; reconeixent quedar informat del tipus de combustible que el vehicle necessita; i comprometent-se a retornar el vehicle en les mateixes condicions en qu\u00e8 el rep.<\/p>\n<p>02 L&#8217;arrendatari es compromet a abonar totes les sancions que per incompliment de les regles de circulaci\u00f3 li siguin imposades i a notificar a l&#8217;arrendador en el moment de la liquidaci\u00f3.<\/p>\n<p>03 L&#8217;arrendatari es far\u00e0 c\u00e0rrec tant civil com criminalment de la responsabilitat que pogu\u00e9s derivar de l&#8217;\u00fas del vehicle llogat i en cap cas podr\u00e0 dedicar-se al transport de mercaderies i m\u00e9s encara si fossin aquestes de curs il\u00b7legal.<\/p>\n<p>04 Referent al que estableix l&#8217;article anterior queda l&#8217;arrendatari assegurat de responsabilitat civil davant de tercers mitjan\u00e7ant p\u00f2lissa d&#8217;asseguran\u00e7a concertada a l&#8217;arrendador amb Companyia d&#8217;Assegurances, i del dany en les persones en les mesures i condicions que s&#8217;estableixen en el Reglament de l&#8217;asseguran\u00e7a obligatori.<\/p>\n<p>05 Les hores de servei s\u00f3n de 9 a 20 hores, i a partir d&#8217;aquesta hora queda facultada la casa arrendadora a no fer-se c\u00e0rrec del vehicle fins a les 9 hores del dia seg\u00fcent i a exigir per aquest concepte la quantitat segons tarifa. No obstant aix\u00f2, per al cas d&#8217;avaria en el vehicle que impedeixi la deguda restituci\u00f3 del mateix .a l&#8217;arrendadora dins de l&#8217;horari esmentat, reconeix l&#8217;arrendatari quedar informat del tel\u00e8fon permanent durant l&#8217;horari comercial per a avisos; de manera que no ser\u00e0 causa d&#8217;exempci\u00f3 de responsabilitat de l&#8217;arrendatari la impossibilitat de comunicaci\u00f3 a l&#8217;arrendadora sobre l&#8217;avaria produ\u00efda o sobre la impossibilitat de restituci\u00f3 del vehicle.<\/p>\n<p>06 L&#8217;arrendatari es compromet a portar amb si el document expedit per aquesta empresa, per exhibir-si fos requerit per l&#8217;Autoritat o persona d&#8217;aquesta empresa.<\/p>\n<p>07 La casa arrendadora es reserva el dret de no llogar els vehicles si al seu judici ho creu convenient. Aix\u00ed mateix, la casa arrendadora podr\u00e0 retirar el vehicle arrendat si l&#8217;arrendatari fa aix\u00ed mal \u00fas d&#8217;ell, o si el vehicle \u00e9s condu\u00eft en inferioritat de condicions f\u00edsiques motivades per alcohol, drogues, fatiga o malaltia.<\/p>\n<p>08 En cap cas es permetr\u00e0 subarrendar ni conduir el vehicle llogat a persones diferents del client contractant, excepte consentiment expr\u00e9s de l&#8217;arrendador.<\/p>\n<p>09 Seran de c\u00e0rrec de l&#8217;arrendatari tots els desperfectes que per accident o qualsevol altra causa s&#8217;ocasionen al vehicle llogat; fins i tot danys derivats d&#8217;incendi i robatori. Aix\u00f2 nom\u00e9s amb l&#8217;excepci\u00f3 que s&#8217;hagi concertat amb la casa arrendadora un suplement per relleu de responsabilitat per danys materials i robatori, que en qualsevol cas comptar\u00e0 amb una franqu\u00edcia de fins a 300 \u20ac.<\/p>\n<p>10 L&#8217;arrendador declara haver pres les degudes precaucions per evitar fallades mec\u00e0niques del vehicle arrendat, aix\u00ed com l&#8217;arrendatari declara haver comprovat el bon estat del vehicle en fer-se c\u00e0rrec d&#8217;aquest i haver quedat informat del tipus de combustible necessari; de manera que en cas de produir fallades mec\u00e0niques, o procedents de l&#8217;\u00fas d&#8217;un incorrecte combustible, l&#8217;arrendador no assumeix cap responsabilitat pels perjudicis que directament o indirectament es puguin causar a l&#8217;arrendatari com a conseq\u00fc\u00e8ncia d&#8217;aquests errors o avaries. Aix\u00ed mateix, les pr\u00f2pies avaries derivades per l&#8217;\u00fas de combustible incorrecte o per la conducci\u00f3 del vehicle amb rodes punxades o en mal estat, seran a c\u00e0rrec del propi arrendatari com a conseq\u00fc\u00e8ncia de l&#8217;\u00fas negligent del vehicle.<\/p>\n<p>11 El robatori del vehicle implicar\u00e0 la p\u00e8rdua de les sumes lliurades en guany o pagament, qualsevol que fos el seu concepte.<\/p>\n<p>12 L&#8217;arrendatari declara estar en possessi\u00f3 del corresponent perm\u00eds de conduir per al vehicle llogat.<\/p>\n<p>13 El I.V.A. haur\u00e0 de ser pagat pel client.<\/p>\n<p>14 Per a qualsevol difer\u00e8ncia que pogu\u00e9s sorgir en relaci\u00f3 amb aquest contracte, les parts se sotmeten expressament al fur judicial que sigui legalment aplicable.<\/p>\n<p>15 Reconeix l&#8217;arrendatari quedar informat del car\u00e0cter obligatori l&#8217;\u00fas del casc per a la conducci\u00f3 de tots els vehicles arrendats. El casc podr\u00e0 ser proporcionat per l&#8217;arrendador, quedant l&#8217;arrendatari obligat a la seva devoluci\u00f3 en el mateix perfecte estat en qu\u00e8 ho recull; quedant responsable l&#8217;arrendatari de qualsevol p\u00e8rdua o robatori del mateix; en aquest cas haur\u00e0 de satisfer a l&#8217;arrendador la suma de \u20ac 25. L&#8217;arrendatari es fa responsable de tots els danys i de totes les sancions i multes li siguin imposades, per causa de no conduir prove\u00eft de casc.<\/p>\n<p>16 Cancel\u00b7lacions. En cas d&#8217;anul\u00b7laci\u00f3 i cancel\u00b7laci\u00f3 amb 24 hores d&#8217;antelaci\u00f3 a la data d&#8217;arribada seran sense cost. Dins de les 24 hores abans de la seva arribada o no presentaci\u00f3 (no show) es carregar\u00e0 a la targeta de cr\u00e8dit l&#8217;import equivalent a un dia de lloguer en concepte de despeses de gesti\u00f3.<\/p>\n<p>17 Si el vehicle llogat \u00e9s un cotxe, \u00e9s obligatori presentar una targeta de Credito, Visa o M\u00e0ster Card i no American Express. A l&#8217;hora de formalitzar el contracte cal presentar el carnet f\u00edsic.<\/p>\n<p>&nbsp;<\/p>\n<p>POL\u00cdTICA DE CANCEL\u00b7LACI\u00d3<br \/>\n1. S&#8217;accepten cancel\u00b7lacions 72 hrs abans de la recollida del vehicle sense c\u00e0rrecs.<br \/>\n2. Si per motius de l&#8217;estat d&#8217;alarma o tancament de les illes d&#8217;Eivissa i Formentera per COVID-19, cancel\u00b7lacions fins a 24 hrs abans sense c\u00e0rrec[\/vc_column_text][\/tab][\/tabbed_section][\/vc_column][vc_column column_padding=&#8221;no-extra-padding&#8221; column_padding_tablet=&#8221;inherit&#8221; column_padding_phone=&#8221;inherit&#8221; column_padding_position=&#8221;all&#8221; column_element_direction_desktop=&#8221;default&#8221; column_element_spacing=&#8221;default&#8221; desktop_text_alignment=&#8221;default&#8221; tablet_text_alignment=&#8221;default&#8221; phone_text_alignment=&#8221;default&#8221; background_color_opacity=&#8221;1&#8243; background_hover_color_opacity=&#8221;1&#8243; column_backdrop_filter=&#8221;none&#8221; column_shadow=&#8221;none&#8221; column_border_radius=&#8221;none&#8221; column_link_target=&#8221;_self&#8221; column_position=&#8221;default&#8221; gradient_direction=&#8221;left_to_right&#8221; overlay_strength=&#8221;0.3&#8243; width=&#8221;1\/6&#8243; tablet_width_inherit=&#8221;default&#8221; animation_type=&#8221;default&#8221; bg_image_animation=&#8221;none&#8221; border_type=&#8221;simple&#8221; column_border_width=&#8221;none&#8221; column_border_style=&#8221;solid&#8221;][\/vc_column][\/vc_row]\n","protected":false},"excerpt":{"rendered":"<p>[vc_row type=&#8221;in_container&#8221; full_screen_row_position=&#8221;middle&#8221; column_margin=&#8221;default&#8221; column_direction=&#8221;default&#8221; column_direction_tablet=&#8221;default&#8221; column_direction_phone=&#8221;default&#8221; scene_position=&#8221;center&#8221; text_color=&#8221;dark&#8221; text_align=&#8221;left&#8221; row_border_radius=&#8221;none&#8221; row_border_radius_applies=&#8221;bg&#8221; overflow=&#8221;visible&#8221; overlay_strength=&#8221;0.3&#8243; gradient_direction=&#8221;left_to_right&#8221; shape_divider_position=&#8221;bottom&#8221; bg_image_animation=&#8221;none&#8221;][vc_column column_padding=&#8221;no-extra-padding&#8221; column_padding_tablet=&#8221;inherit&#8221; column_padding_phone=&#8221;inherit&#8221; column_padding_position=&#8221;all&#8221; column_element_direction_desktop=&#8221;default&#8221; column_element_spacing=&#8221;default&#8221; desktop_text_alignment=&#8221;default&#8221; tablet_text_alignment=&#8221;default&#8221; phone_text_alignment=&#8221;default&#8221; background_color_opacity=&#8221;1&#8243; background_hover_color_opacity=&#8221;1&#8243; column_backdrop_filter=&#8221;none&#8221; column_shadow=&#8221;none&#8221;&#8230;<\/p>\n","protected":false},"author":1,"featured_media":0,"parent":0,"menu_order":0,"comment_status":"closed","ping_status":"closed","template":"","meta":{"footnotes":""},"class_list":["post-1774","page","type-page","status-publish"],"yoast_head":"<!-- This site is optimized with the Yoast SEO Premium plugin v19.3 (Yoast SEO v25.6) - https:\/\/yoast.com\/wordpress\/plugins\/seo\/ -->\n<title>Condicions de lloguer - Esformentera<\/title>\n<meta name=\"description\" content=\"Condicions de llogar un cotxe o una moto a Formentera des de la web Esformentera.com. Lloguer de confian\u00e7a a Formentera.\" \/>\n<meta name=\"robots\" content=\"index, follow, max-snippet:-1, max-image-preview:large, max-video-preview:-1\" \/>\n<link rel=\"canonical\" href=\"https:\/\/www.esformentera.com\/ca\/condicions-de-lloguer\/\" \/>\n<meta property=\"og:locale\" content=\"ca_ES\" \/>\n<meta property=\"og:type\" content=\"article\" \/>\n<meta property=\"og:title\" content=\"Condicions de lloguer\" \/>\n<meta property=\"og:description\" content=\"Condicions de llogar un cotxe o una moto a Formentera des de la web Esformentera.com. Lloguer de confian\u00e7a a Formentera.\" \/>\n<meta property=\"og:url\" content=\"https:\/\/www.esformentera.com\/ca\/condicions-de-lloguer\/\" \/>\n<meta property=\"og:site_name\" content=\"Esformentera\" \/>\n<meta property=\"article:publisher\" content=\"https:\/\/www.facebook.com\/esformentera\" \/>\n<meta property=\"article:modified_time\" content=\"2025-09-04T10:43:09+00:00\" \/>\n<meta name=\"twitter:card\" content=\"summary_large_image\" \/>\n<meta name=\"twitter:label1\" content=\"Temps estimat de lectura\" \/>\n\t<meta name=\"twitter:data1\" content=\"11 minuts\" \/>\n<script type=\"application\/ld+json\" class=\"yoast-schema-graph\">{\"@context\":\"https:\/\/schema.org\",\"@graph\":[{\"@type\":\"WebPage\",\"@id\":\"https:\/\/www.esformentera.com\/ca\/condicions-de-lloguer\/\",\"url\":\"https:\/\/www.esformentera.com\/ca\/condicions-de-lloguer\/\",\"name\":\"Condicions de lloguer - Esformentera\",\"isPartOf\":{\"@id\":\"https:\/\/www.esformentera.com\/#website\"},\"datePublished\":\"2017-05-31T07:35:52+00:00\",\"dateModified\":\"2025-09-04T10:43:09+00:00\",\"description\":\"Condicions de llogar un cotxe o una moto a Formentera des de la web Esformentera.com. Lloguer de confian\u00e7a a Formentera.\",\"breadcrumb\":{\"@id\":\"https:\/\/www.esformentera.com\/ca\/condicions-de-lloguer\/#breadcrumb\"},\"inLanguage\":\"ca\",\"potentialAction\":[{\"@type\":\"ReadAction\",\"target\":[\"https:\/\/www.esformentera.com\/ca\/condicions-de-lloguer\/\"]}]},{\"@type\":\"BreadcrumbList\",\"@id\":\"https:\/\/www.esformentera.com\/ca\/condicions-de-lloguer\/#breadcrumb\",\"itemListElement\":[{\"@type\":\"ListItem\",\"position\":1,\"name\":\"Portada\",\"item\":\"https:\/\/www.esformentera.com\/ca\/\"},{\"@type\":\"ListItem\",\"position\":2,\"name\":\"Condicions de lloguer\"}]},{\"@type\":\"WebSite\",\"@id\":\"https:\/\/www.esformentera.com\/#website\",\"url\":\"https:\/\/www.esformentera.com\/\",\"name\":\"Esformentera\",\"description\":\"\",\"publisher\":{\"@id\":\"https:\/\/www.esformentera.com\/#organization\"},\"potentialAction\":[{\"@type\":\"SearchAction\",\"target\":{\"@type\":\"EntryPoint\",\"urlTemplate\":\"https:\/\/www.esformentera.com\/?s={search_term_string}\"},\"query-input\":{\"@type\":\"PropertyValueSpecification\",\"valueRequired\":true,\"valueName\":\"search_term_string\"}}],\"inLanguage\":\"ca\"},{\"@type\":\"Organization\",\"@id\":\"https:\/\/www.esformentera.com\/#organization\",\"name\":\"Esformentera\",\"url\":\"https:\/\/www.esformentera.com\/\",\"logo\":{\"@type\":\"ImageObject\",\"inLanguage\":\"ca\",\"@id\":\"https:\/\/www.esformentera.com\/#\/schema\/logo\/image\/\",\"url\":\"https:\/\/www.esformentera.com\/wp-content\/uploads\/2021\/07\/logoEsFormentera.png\",\"contentUrl\":\"https:\/\/www.esformentera.com\/wp-content\/uploads\/2021\/07\/logoEsFormentera.png\",\"width\":382,\"height\":76,\"caption\":\"Esformentera\"},\"image\":{\"@id\":\"https:\/\/www.esformentera.com\/#\/schema\/logo\/image\/\"},\"sameAs\":[\"https:\/\/www.facebook.com\/esformentera\"]}]}<\/script>\n<!-- \/ Yoast SEO Premium plugin. -->","yoast_head_json":{"title":"Condicions de lloguer - Esformentera","description":"Condicions de llogar un cotxe o una moto a Formentera des de la web Esformentera.com. Lloguer de confian\u00e7a a Formentera.","robots":{"index":"index","follow":"follow","max-snippet":"max-snippet:-1","max-image-preview":"max-image-preview:large","max-video-preview":"max-video-preview:-1"},"canonical":"https:\/\/www.esformentera.com\/ca\/condicions-de-lloguer\/","og_locale":"ca_ES","og_type":"article","og_title":"Condicions de lloguer","og_description":"Condicions de llogar un cotxe o una moto a Formentera des de la web Esformentera.com. Lloguer de confian\u00e7a a Formentera.","og_url":"https:\/\/www.esformentera.com\/ca\/condicions-de-lloguer\/","og_site_name":"Esformentera","article_publisher":"https:\/\/www.facebook.com\/esformentera","article_modified_time":"2025-09-04T10:43:09+00:00","twitter_card":"summary_large_image","twitter_misc":{"Temps estimat de lectura":"11 minuts"},"schema":{"@context":"https:\/\/schema.org","@graph":[{"@type":"WebPage","@id":"https:\/\/www.esformentera.com\/ca\/condicions-de-lloguer\/","url":"https:\/\/www.esformentera.com\/ca\/condicions-de-lloguer\/","name":"Condicions de lloguer - Esformentera","isPartOf":{"@id":"https:\/\/www.esformentera.com\/#website"},"datePublished":"2017-05-31T07:35:52+00:00","dateModified":"2025-09-04T10:43:09+00:00","description":"Condicions de llogar un cotxe o una moto a Formentera des de la web Esformentera.com. Lloguer de confian\u00e7a a Formentera.","breadcrumb":{"@id":"https:\/\/www.esformentera.com\/ca\/condicions-de-lloguer\/#breadcrumb"},"inLanguage":"ca","potentialAction":[{"@type":"ReadAction","target":["https:\/\/www.esformentera.com\/ca\/condicions-de-lloguer\/"]}]},{"@type":"BreadcrumbList","@id":"https:\/\/www.esformentera.com\/ca\/condicions-de-lloguer\/#breadcrumb","itemListElement":[{"@type":"ListItem","position":1,"name":"Portada","item":"https:\/\/www.esformentera.com\/ca\/"},{"@type":"ListItem","position":2,"name":"Condicions de lloguer"}]},{"@type":"WebSite","@id":"https:\/\/www.esformentera.com\/#website","url":"https:\/\/www.esformentera.com\/","name":"Esformentera","description":"","publisher":{"@id":"https:\/\/www.esformentera.com\/#organization"},"potentialAction":[{"@type":"SearchAction","target":{"@type":"EntryPoint","urlTemplate":"https:\/\/www.esformentera.com\/?s={search_term_string}"},"query-input":{"@type":"PropertyValueSpecification","valueRequired":true,"valueName":"search_term_string"}}],"inLanguage":"ca"},{"@type":"Organization","@id":"https:\/\/www.esformentera.com\/#organization","name":"Esformentera","url":"https:\/\/www.esformentera.com\/","logo":{"@type":"ImageObject","inLanguage":"ca","@id":"https:\/\/www.esformentera.com\/#\/schema\/logo\/image\/","url":"https:\/\/www.esformentera.com\/wp-content\/uploads\/2021\/07\/logoEsFormentera.png","contentUrl":"https:\/\/www.esformentera.com\/wp-content\/uploads\/2021\/07\/logoEsFormentera.png","width":382,"height":76,"caption":"Esformentera"},"image":{"@id":"https:\/\/www.esformentera.com\/#\/schema\/logo\/image\/"},"sameAs":["https:\/\/www.facebook.com\/esformentera"]}]}},"_links":{"self":[{"href":"https:\/\/www.esformentera.com\/ca\/wp-json\/wp\/v2\/pages\/1774","targetHints":{"allow":["GET"]}}],"collection":[{"href":"https:\/\/www.esformentera.com\/ca\/wp-json\/wp\/v2\/pages"}],"about":[{"href":"https:\/\/www.esformentera.com\/ca\/wp-json\/wp\/v2\/types\/page"}],"author":[{"embeddable":true,"href":"https:\/\/www.esformentera.com\/ca\/wp-json\/wp\/v2\/users\/1"}],"replies":[{"embeddable":true,"href":"https:\/\/www.esformentera.com\/ca\/wp-json\/wp\/v2\/comments?post=1774"}],"version-history":[{"count":2,"href":"https:\/\/www.esformentera.com\/ca\/wp-json\/wp\/v2\/pages\/1774\/revisions"}],"predecessor-version":[{"id":4570,"href":"https:\/\/www.esformentera.com\/ca\/wp-json\/wp\/v2\/pages\/1774\/revisions\/4570"}],"wp:attachment":[{"href":"https:\/\/www.esformentera.com\/ca\/wp-json\/wp\/v2\/media?parent=1774"}],"curies":[{"name":"wp","href":"https:\/\/api.w.org\/{rel}","templated":true}]}}